{"id":132,"date":"2022-05-25T20:04:22","date_gmt":"2022-05-25T20:04:22","guid":{"rendered":"http:\/\/recupvw.local\/?page_id=132"},"modified":"2025-09-10T09:20:56","modified_gmt":"2025-09-10T09:20:56","slug":"casse-automobile","status":"publish","type":"page","link":"https:\/\/www.recupvw.be\/fr\/casse-automobile\/","title":{"rendered":"Casse auto &#8211; d\u00e9molition &#8211; pi\u00e8ces d\u00e9tach\u00e9es \u00e0 Bruxelles"},"content":{"rendered":"\n\n\t<section class=\"section\" id=\"section_1873017463\">\n\t\t<div class=\"section-bg fill\" >\n\t\t\t<img loading=\"lazy\" decoding=\"async\" width=\"1624\" height=\"1080\" src=\"https:\/\/www.recupvw.be\/wp-content\/uploads\/2022\/06\/f23ac283cccc.jpg\" class=\"bg attachment-original size-original\" alt=\"\" \/>\t\t\t\t\t\t<div class=\"section-bg-overlay absolute fill\"><\/div>\n\t\t\t\n\n\t\t<\/div>\n\n\t\t\n\n\t\t<div class=\"section-content relative\">\n\t\t\t\n\n<div class=\"row row-large\"  id=\"row-306957798\">\n\n\n\t<div id=\"col-1197170156\" class=\"col medium-9 small-12 large-7\"  >\n\t\t\t\t<div class=\"col-inner\"  >\n\t\t\t\n\t\t\t\n\n<div class=\"row row-collapse align-middle\"  id=\"row-1989279710\">\n\n\n\t<div id=\"col-1848995093\" class=\"col small-12 large-12\"  >\n\t\t\t\t<div class=\"col-inner text-left\"  >\n\t\t\t\n\t\t\t\n\n<div class=\"row row-collapse align-equal\"  id=\"row-1552518424\">\n\n\n\t<div id=\"col-1651867565\" class=\"col medium-10 small-12 large-12\"  data-animate=\"fadeInDown\">\n\t\t\t\t<div class=\"col-inner text-shadow-3\"  >\n\t\t\t\n\t\t\t\n\n\t<div id=\"text-814831135\" class=\"text\">\n\t\t\n\n<p><strong>CASSE AUTOMOBILE &#8211; D\u00c9MOLITION<\/strong><\/p>\n\t\t\n<style>\n#text-814831135 {\n  font-size: 1.75rem;\n  line-height: 1;\n  color: rgb(255,255,255);\n}\n#text-814831135 > * {\n  color: rgb(255,255,255);\n}\n@media (min-width:550px) {\n  #text-814831135 {\n    font-size: 1.85rem;\n    line-height: 0.75;\n  }\n}\n<\/style>\n\t<\/div>\n\t\n\n\t\t<\/div>\n\t\t\t\t\n<style>\n#col-1651867565 > .col-inner {\n  padding: 15px 0px 0px 0px;\n}\n<\/style>\n\t<\/div>\n\n\t\n\n\n<style>\n#row-1552518424 > .col > .col-inner {\n  padding: 10px 0px 0px 0px;\n  background-color: #1b1464;\n}\n@media (min-width:550px) {\n  #row-1552518424 > .col > .col-inner {\n    padding: 15px 0px 0px 0px;\n  }\n}\n<\/style>\n<\/div>\n\n\t\t<\/div>\n\t\t\t\t\t<\/div>\n\n\t\n\n\t<div id=\"col-744981407\" class=\"col medium-9 small-12 large-9\"  >\n\t\t\t\t<div class=\"col-inner text-left\"  >\n\t\t\t\n\t\t\t\n\n<div class=\"row row-collapse align-equal\"  id=\"row-1673264886\">\n\n\n\t<div id=\"col-2052834719\" class=\"col medium-10 small-12 large-12\"  data-animate=\"fadeInDown\">\n\t\t\t\t<div class=\"col-inner\"  >\n\t\t\t\n\t\t\t\n\n\t<div id=\"text-1417793771\" class=\"text\">\n\t\t\n\n<p><strong>ENL\u00c8VEMENT D&rsquo;\u00c9PAVES<\/strong><\/p>\n\t\t\n<style>\n#text-1417793771 {\n  font-size: 1.75rem;\n  line-height: 1;\n  color: rgb(0,0,0);\n}\n#text-1417793771 > * {\n  color: rgb(0,0,0);\n}\n@media (min-width:550px) {\n  #text-1417793771 {\n    font-size: 1.85rem;\n    line-height: 0.75;\n  }\n}\n<\/style>\n\t<\/div>\n\t\n\n\t\t<\/div>\n\t\t\t\t\n<style>\n#col-2052834719 > .col-inner {\n  padding: 20px 0px 0px 0px;\n}\n@media (min-width:550px) {\n  #col-2052834719 > .col-inner {\n    padding: 15px 0px 0px 0px;\n  }\n}\n<\/style>\n\t<\/div>\n\n\t\n\n\n<style>\n#row-1673264886 > .col > .col-inner {\n  padding: 15px 0px 0px 0px;\n  background-color: #b20000;\n}\n<\/style>\n<\/div>\n\n\t\t<\/div>\n\t\t\t\t\t<\/div>\n\n\t\n\n\t<div id=\"col-1478043451\" class=\"col medium-7 small-12 large-7\"  >\n\t\t\t\t<div class=\"col-inner text-left\"  >\n\t\t\t\n\t\t\t\n\n<div class=\"row row-collapse align-equal\"  id=\"row-66853490\">\n\n\n\t<div id=\"col-436563702\" class=\"col medium-10 small-12 large-12\"  data-animate=\"fadeInDown\">\n\t\t\t\t<div class=\"col-inner\"  >\n\t\t\t\n\t\t\t\n\n\t<div id=\"text-1334531521\" class=\"text\">\n\t\t\n\n<p><strong>PI\u00c8CES D\u00c9TACH\u00c9ES<\/strong><\/p>\n\t\t\n<style>\n#text-1334531521 {\n  font-size: 2rem;\n  line-height: 0.75;\n  color: #1b1464;\n}\n#text-1334531521 > * {\n  color: #1b1464;\n}\n<\/style>\n\t<\/div>\n\t\n\n\t\t<\/div>\n\t\t\t\t\n<style>\n#col-436563702 > .col-inner {\n  padding: 15px 0px 0px 0px;\n}\n<\/style>\n\t<\/div>\n\n\t\n\n\n<style>\n#row-66853490 > .col > .col-inner {\n  padding: 15px 0px 0px 0px;\n  background-color: rgb(255,255,255);\n}\n<\/style>\n<\/div>\n\n\t\t<\/div>\n\t\t\t\t\t<\/div>\n\n\t\n\n<\/div>\n\n\t\t<\/div>\n\t\t\t\t\t<\/div>\n\n\t\n\n\n<style>\n#row-306957798 > .col > .col-inner {\n  padding: 90px 0px 0px 0px;\n}\n<\/style>\n<\/div>\n\n\t\t<\/div>\n\n\t\t\n<style>\n#section_1873017463 {\n  padding-top: 30px;\n  padding-bottom: 30px;\n}\n#section_1873017463 .section-bg-overlay {\n  background-color: rgba(27, 20, 100, 0.448);\n}\n<\/style>\n\t<\/section>\n\t\n\n\t<section class=\"section\" id=\"section_1121450287\">\n\t\t<div class=\"section-bg fill\" >\n\t\t\t\t\t\t\t\t\t\n\t\t\t\n\n\t\t<\/div>\n\n\t\t\n\n\t\t<div class=\"section-content relative\">\n\t\t\t\n\n<div class=\"row\"  id=\"row-1686675514\">\n\n\n\t<div id=\"col-1794526601\" class=\"col small-12 large-12\"  >\n\t\t\t\t<div class=\"col-inner\"  >\n\t\t\t\n\t\t\t\n\n\t<div id=\"text-1253157015\" class=\"text\">\n\t\t\n\n<p>Votre v\u00e9hicule est fortement endommag\u00e9 et le prix des r\u00e9parations est exorbitant&nbsp;? Vous pouvez vous d\u00e9barrasser de votre voiture tout en y gagnant&nbsp;! En effet, Recup VW estime le prix qu\u2019elle peut vous en donner, proc\u00e8de \u00e0 la&nbsp;<strong>casse automobile (d\u00e9molition)<\/strong>&nbsp;et r\u00e9cup\u00e8re toutes les pi\u00e8ces r\u00e9utilisables&nbsp; afin de proposer par la suite des&nbsp;<em>pi\u00e8ces d\u00e9tach\u00e9es<\/em>&nbsp;d\u2019occasion. Tout s\u2019effectue donc en circuit ferm\u00e9 et se base sur le principe du \u00ab&nbsp;gagnant-gagnant&nbsp;\u00bb. Les pi\u00e8ces automobiles d\u00e9tach\u00e9es d\u2019occasion que nous revendons par la suite sont revaloris\u00e9es et r\u00e9utilis\u00e9es dans le respect de l\u2019environnement.<\/p>\n\t\t\n<style>\n#text-1253157015 {\n  font-size: 0.85rem;\n  line-height: 1.2;\n}\n<\/style>\n\t<\/div>\n\t\n\n\t\t<\/div>\n\t\t\t\t\t<\/div>\n\n\t\n\n\t<div id=\"col-1320105543\" class=\"col medium-6 small-12 large-6\"  >\n\t\t\t\t<div class=\"col-inner\"  >\n\t\t\t\n\t\t\t\n\n<div class=\"row row-collapse align-center\"  id=\"row-1864577066\">\n\n\n\t<div id=\"col-151393507\" class=\"col small-12 large-12\"  >\n\t\t\t\t<div class=\"col-inner text-left dark\"  >\n\t\t\t\n\t\t\t\n\n\n\t\t<div class=\"icon-box featured-box icon-box-left text-left is-small\"  style=\"margin:0px 0px 0px 0px;\">\n\t\t\t\t\t<div class=\"icon-box-img\" style=\"width: 40px\">\n\t\t\t\t<div class=\"icon\">\n\t\t\t\t\t<div class=\"icon-inner\" >\n\t\t\t\t\t\t<img loading=\"lazy\" decoding=\"async\" width=\"300\" height=\"300\" src=\"https:\/\/www.recupvw.be\/wp-content\/uploads\/2022\/06\/email-5-300x300.png\" class=\"attachment-medium size-medium\" alt=\"\" srcset=\"https:\/\/www.recupvw.be\/wp-content\/uploads\/2022\/06\/email-5-300x300.png 300w, https:\/\/www.recupvw.be\/wp-content\/uploads\/2022\/06\/email-5-150x150.png 150w, https:\/\/www.recupvw.be\/wp-content\/uploads\/2022\/06\/email-5-100x100.png 100w, https:\/\/www.recupvw.be\/wp-content\/uploads\/2022\/06\/email-5.png 512w\" sizes=\"auto, (max-width: 300px) 100vw, 300px\" \/>\t\t\t\t\t<\/div>\n\t\t\t\t<\/div>\n\t\t\t<\/div>\n\t\t\t\t<div class=\"icon-box-text last-reset\">\n\t\t\t\t\t\t\t\t\t\n\n\t<div id=\"text-569659096\" class=\"text\">\n\t\t\n\n<p><span class=\"uppercase\">Laisser un message<\/span><br \/>\nR\u00e9ponse rapide !<\/p>\n\t\t\n<style>\n#text-569659096 {\n  font-size: 1rem;\n  line-height: 1;\n}\n@media (min-width:550px) {\n  #text-569659096 {\n    line-height: 1;\n  }\n}\n@media (min-width:850px) {\n  #text-569659096 {\n    line-height: 1;\n  }\n}\n<\/style>\n\t<\/div>\n\t\n\n\t\t<\/div>\n\t<\/div>\n\t\n\t\n\t<div id=\"text-1547281596\" class=\"text\">\n\t\t\n\n<p><strong>VW - AUDI - SEAT - SKODA<\/strong><\/p>\n\t\t\n<style>\n#text-1547281596 {\n  font-size: 1.5rem;\n  line-height: 1;\n}\n<\/style>\n\t<\/div>\n\t\n\n<div class=\"wpcf7 no-js\" id=\"wpcf7-f192-o1\" lang=\"fr-FR\" dir=\"ltr\" data-wpcf7-id=\"192\">\n<div class=\"screen-reader-response\"><p role=\"status\" aria-live=\"polite\" aria-atomic=\"true\"><\/p> <ul><\/ul><\/div>\n<form action=\"\/fr\/wp-json\/wp\/v2\/pages\/132#wpcf7-f192-o1\" method=\"post\" class=\"wpcf7-form init\" aria-label=\"Formulaire de contact\" novalidate=\"novalidate\" data-status=\"init\">\n<fieldset class=\"hidden-fields-container\"><input type=\"hidden\" name=\"_wpcf7\" value=\"192\" \/><input type=\"hidden\" name=\"_wpcf7_version\" value=\"6.1.5\" \/><input type=\"hidden\" name=\"_wpcf7_locale\" value=\"fr_FR\" \/><input type=\"hidden\" name=\"_wpcf7_unit_tag\" value=\"wpcf7-f192-o1\" \/><input type=\"hidden\" name=\"_wpcf7_container_post\" value=\"0\" \/><input type=\"hidden\" name=\"_wpcf7_posted_data_hash\" value=\"\" \/><input type=\"hidden\" name=\"_wpcf7_recaptcha_response\" value=\"\" \/>\n<\/fieldset>\n<p><span class=\"wpcf7-form-control-wrap\" data-name=\"your-name\"><input size=\"40\" maxlength=\"400\" class=\"wpcf7-form-control wpcf7-text wpcf7-validates-as-required\" aria-required=\"true\" aria-invalid=\"false\" placeholder=\"Nom\" value=\"\" type=\"text\" name=\"your-name\" \/><\/span>\n<\/p>\n<div class=\"clearfix\">\n\t<div id=\"left\">\n\t\t<p><span class=\"wpcf7-form-control-wrap\" data-name=\"your-email\"><input size=\"40\" maxlength=\"400\" class=\"wpcf7-form-control wpcf7-email wpcf7-validates-as-required wpcf7-text wpcf7-validates-as-email\" aria-required=\"true\" aria-invalid=\"false\" placeholder=\"Email\" value=\"\" type=\"email\" name=\"your-email\" \/><\/span>\n\t\t<\/p>\n\t<\/div>\n\t<div id=\"right\">\n\t\t<p><span class=\"wpcf7-form-control-wrap\" data-name=\"your-tel\"><input size=\"40\" maxlength=\"400\" class=\"wpcf7-form-control wpcf7-text wpcf7-validates-as-required\" aria-required=\"true\" aria-invalid=\"false\" placeholder=\"T\u00e9l\u00e9phone\" value=\"\" type=\"text\" name=\"your-tel\" \/><\/span>\n\t\t<\/p>\n\t<\/div>\n<\/div>\n<p><span class=\"wpcf7-form-control-wrap\" data-name=\"your-message\"><textarea cols=\"40\" rows=\"10\" maxlength=\"2000\" class=\"wpcf7-form-control wpcf7-textarea\" aria-invalid=\"false\" placeholder=\"Message\" name=\"your-message\"><\/textarea><\/span>\n<\/p>\n<p><input class=\"wpcf7-form-control wpcf7-submit has-spinner success\" type=\"submit\" value=\"Envoyer\" \/>\n<\/p><div class=\"wpcf7-response-output\" aria-hidden=\"true\"><\/div>\n<\/form>\n<\/div>\n\n\n\n\t\t<\/div>\n\t\t\t\t\n<style>\n#col-151393507 > .col-inner {\n  padding: 0px 20px 0px 20px;\n}\n<\/style>\n\t<\/div>\n\n\t\n\n\n<style>\n#row-1864577066 > .col > .col-inner {\n  padding: 30px 30px 0px 30px;\n  background-color: rgba(0, 0, 0, 0.349);\n}\n<\/style>\n<\/div>\n\n\n\t\t<\/div>\n\t\t\t\t\t<\/div>\n\n\t\n\n\t<div id=\"col-144141977\" class=\"col medium-6 small-12 large-6\"  >\n\t\t\t\t<div class=\"col-inner\"  >\n\t\t\t\n\t\t\t\n\n<h3 class=\"accordion_title\">CHOISIR UNE PRESTATION CASSE AUTOMOBILE<\/h3><div class=\"accordion\">\n\n\t<div id=\"accordion-251308147\" class=\"accordion-item\">\n\t\t<a id=\"accordion-251308147-label\" class=\"accordion-title plain active\" href=\"#accordion-item-d\u00e9molition-auto\" aria-expanded=\"true\" aria-controls=\"accordion-251308147-content\">\n\t\t\t<button class=\"toggle\" aria-label=\"Basculer\"><i class=\"icon-angle-down\" aria-hidden=\"true\"><\/i><\/button>\n\t\t\t<span>D\u00e9molition auto<\/span>\n\t\t<\/a>\n\t\t<div id=\"accordion-251308147-content\" class=\"accordion-inner\" style=\"display: block;\" aria-labelledby=\"accordion-251308147-label\">\n\t\t\t\n\n\t<div id=\"text-522696964\" class=\"text\">\n\t\t\n\n<p>Votre v\u00e9hicule est accident\u00e9 et est totalement hors d\u2019usage ? R\u00e9cup VW est l\u00e0 pour vous aider en prenant en charge la d\u00e9molition auto. Nous pouvons nous d\u00e9placer pour venir chercher l\u2019\u00e9pave de votre automobile ou si vous pr\u00e9f\u00e9rer vous pouvez la d\u00e9poser directement \u00e0 notre garage. Nous proc\u00e9dons par la suite au d\u00e9montage et au recyclage des pi\u00e8ces automobiles et les revendons \u00e0 des prix discount.<\/p>\n\t\t\n<style>\n#text-522696964 {\n  font-size: 0.85rem;\n  line-height: 1.2;\n}\n<\/style>\n\t<\/div>\n\t\n\n\t\t<\/div>\n\t<\/div>\n\t\n\t<div id=\"accordion-1201137814\" class=\"accordion-item\">\n\t\t<a id=\"accordion-1201137814-label\" class=\"accordion-title plain\" href=\"#accordion-item-vente-de-pi\u00e8ces-automobiles-d\u00e9tach\u00e9es-d\u2019occasion\" aria-expanded=\"false\" aria-controls=\"accordion-1201137814-content\">\n\t\t\t<button class=\"toggle\" aria-label=\"Basculer\"><i class=\"icon-angle-down\" aria-hidden=\"true\"><\/i><\/button>\n\t\t\t<span>Vente de pi\u00e8ces automobiles d\u00e9tach\u00e9es d\u2019occasion<\/span>\n\t\t<\/a>\n\t\t<div id=\"accordion-1201137814-content\" class=\"accordion-inner\" aria-labelledby=\"accordion-1201137814-label\">\n\t\t\t\n\n\t<div id=\"text-2749508861\" class=\"text\">\n\t\t\n\n<p>Apr\u00e8s avoir proc\u00e9der \u00e0 la casse automobile, R\u00e9cup VW constitue un stock de pi\u00e8ces automobiles d\u00e9tach\u00e9es d\u2019occasion et les propose \u00e0 la vente. Ainsi, en fonction de ce que vous avez besoin, vous trouverez des pi\u00e8ces VW, Audi, Seat et Skoda tels que des moteurs, des bo\u00eetes de vitesse, des alternateurs, des d\u00e9marreurs, des cadrans, des axes de fus\u00e9e, des portes, des ailes, des phares, des capots, des pare-chocs, des clignoteurs, des calandres, des radiateurs, des triangles, des porti\u00e8res, des hayons, des feux, des r\u00e9servoirs, des pare-brise, des vitres&#8230;. R\u00e9cup VW fait en sorte de revaloriser au maximum les pi\u00e8ces automobiles et vous les fournit \u00e0 des prix tr\u00e8s concurrentiels.<\/p>\n\t\t\n<style>\n#text-2749508861 {\n  font-size: 0.85rem;\n  line-height: 1.2;\n}\n<\/style>\n\t<\/div>\n\t\n\n\t\t<\/div>\n\t<\/div>\n\t\n\t<div id=\"accordion-8937442\" class=\"accordion-item\">\n\t\t<a id=\"accordion-8937442-label\" class=\"accordion-title plain\" href=\"#accordion-item-enl\u00e8vement-d\u2019\u00e9paves\" aria-expanded=\"false\" aria-controls=\"accordion-8937442-content\">\n\t\t\t<button class=\"toggle\" aria-label=\"Basculer\"><i class=\"icon-angle-down\" aria-hidden=\"true\"><\/i><\/button>\n\t\t\t<span>Enl\u00e8vement d\u2019\u00e9paves<\/span>\n\t\t<\/a>\n\t\t<div id=\"accordion-8937442-content\" class=\"accordion-inner\" aria-labelledby=\"accordion-8937442-label\">\n\t\t\t\n\n\t<div id=\"text-3080693146\" class=\"text\">\n\t\t\n\n<p>Votre voiture a subi des d\u00e9g\u00e2ts consid\u00e9rables et vous souhaitez vous en d\u00e9barrasser au plus vite ? Vous ne savez pas quoi en faire ? VW Shop fait une estimation et rach\u00e8te votre voiture afin d\u2019en r\u00e9cup\u00e9rer les pi\u00e8ces d&rsquo;occasion. Pour cela, nous venons chercher votre v\u00e9hicule et nous vous secondons dans les t\u00e2ches administratives \u00e0 accomplir. N&rsquo;h\u00e9sitez pas \u00e0 faire appel \u00e0 nous.<\/p>\n\t\t\n<style>\n#text-3080693146 {\n  font-size: 0.85rem;\n  line-height: 1.2;\n}\n<\/style>\n\t<\/div>\n\t\n\n\t\t<\/div>\n\t<\/div>\n\t\n\t<div id=\"accordion-4245544491\" class=\"accordion-item\">\n\t\t<a id=\"accordion-4245544491-label\" class=\"accordion-title plain\" href=\"#accordion-item-r\u00e9cup\u00e9ration-de-pi\u00e8ces-utilisables\" aria-expanded=\"false\" aria-controls=\"accordion-4245544491-content\">\n\t\t\t<button class=\"toggle\" aria-label=\"Basculer\"><i class=\"icon-angle-down\" aria-hidden=\"true\"><\/i><\/button>\n\t\t\t<span>R\u00e9cup\u00e9ration de pi\u00e8ces utilisables<\/span>\n\t\t<\/a>\n\t\t<div id=\"accordion-4245544491-content\" class=\"accordion-inner\" aria-labelledby=\"accordion-4245544491-label\">\n\t\t\t\n\n\t<div id=\"text-1778024331\" class=\"text\">\n\t\t\n\n<p>Parce que chez VW Shop rien ne se perd, nous r\u00e9cup\u00e9rons des pi\u00e8ces m\u00e9caniques et de carrosserie r\u00e9utilisables. Vous trouverez chez VW Shop un large choix de pi\u00e8ces d\u2019occasion qu\u2019il s\u2019agisse d\u2019amortisseurs, de moteur, de jantes, d\u2019alternateur, d\u2019\u00e9crans ou encore de phares.<\/p>\n\t\t\n<style>\n#text-1778024331 {\n  font-size: 0.85rem;\n  line-height: 1.2;\n}\n<\/style>\n\t<\/div>\n\t\n\n\t\t<\/div>\n\t<\/div>\n\t\n\t<div id=\"accordion-3604351376\" class=\"accordion-item\">\n\t\t<a id=\"accordion-3604351376-label\" class=\"accordion-title plain\" href=\"#accordion-item-destruction-des-pi\u00e8ces-via-des-partenaires.\" aria-expanded=\"false\" aria-controls=\"accordion-3604351376-content\">\n\t\t\t<button class=\"toggle\" aria-label=\"Basculer\"><i class=\"icon-angle-down\" aria-hidden=\"true\"><\/i><\/button>\n\t\t\t<span>Destruction des pi\u00e8ces via des partenaires.<\/span>\n\t\t<\/a>\n\t\t<div id=\"accordion-3604351376-content\" class=\"accordion-inner\" aria-labelledby=\"accordion-3604351376-label\">\n\t\t\t\n\n\t<div id=\"text-1111807572\" class=\"text\">\n\t\t\n\n<p>Certaines pi\u00e8ces du v\u00e9hicule ne sont malheureusement pas r\u00e9utilisables dans leur fonction premi\u00e8re. VW Shop les extrait du v\u00e9hicule et les confie g\u00e9n\u00e9ralement \u00e0 des ferrailleurs qui vont les r\u00e9cup\u00e9rer et les transformer pour en faire autre chose.<\/p>\n\t\t\n<style>\n#text-1111807572 {\n  font-size: 0.85rem;\n  line-height: 1.2;\n}\n<\/style>\n\t<\/div>\n\t\n\n\t\t<\/div>\n\t<\/div>\n\t\n\n<\/div>\n\n\t\t<\/div>\n\t\t\t\t\t<\/div>\n\n\t\n\n<\/div>\n\n\t\t<\/div>\n\n\t\t\n<style>\n#section_1121450287 {\n  padding-top: 30px;\n  padding-bottom: 30px;\n  background-color: rgb(224, 224, 224);\n}\n<\/style>\n\t<\/section>\n\t\n\n\t<section class=\"section\" id=\"section_669785819\">\n\t\t<div class=\"section-bg fill\" >\n\t\t\t<img loading=\"lazy\" decoding=\"async\" width=\"1600\" height=\"819\" src=\"https:\/\/www.recupvw.be\/wp-content\/uploads\/2022\/06\/WhatsApp-Image-2022-06-01-at-12.50.48.jpeg\" class=\"bg attachment-original size-original\" alt=\"\" \/>\t\t\t\t\t\t<div class=\"section-bg-overlay absolute fill\"><\/div>\n\t\t\t\n\n\t\t<\/div>\n\n\t\t\n\n\t\t<div class=\"section-content relative\">\n\t\t\t\n\n\n<div class=\"row align-middle align-center\"  id=\"row-1685428236\">\n\n\n\t<div id=\"col-19394117\" class=\"col medium-7 small-12 large-6\"  >\n\t\t\t\t<div class=\"col-inner text-center dark\"  >\n\t\t\t\n\t\t\t\n\n<p><span style=\"font-size: 33px; line-height: 28px; font-weight: 200;\">Nous sommes ouvert:<\/span><\/p>\n<p><span style=\"font-size: 33px; line-height: 28px; font-weight: 200;\">Lundi &#8211; Vendredi<br \/><\/span><span style=\"font-size: 36px; line-height: 55px; font-weight: bold;\">09 H &#8211; 18 H<\/span><br \/><span style=\"font-size: 33px; line-height: 28px; font-weight: 200;\">Samedi<br \/><span style=\"font-size: 36px; line-height: 55px; font-weight: bold;\">09 H &#8211; 16 H<\/span><\/span><br \/>VW Shop est ouvert du lundi au samedi pour les clients qui veulent se rendre physiquement en magasin.<\/p>\n\n\t\t<\/div>\n\t\t\t\t\n<style>\n#col-19394117 > .col-inner {\n  padding: 60px 30px 60px 30px;\n}\n@media (min-width:550px) {\n  #col-19394117 > .col-inner {\n    padding: 60px 60px 60px 60px;\n  }\n}\n<\/style>\n\t<\/div>\n\n\t\n\n\n<style>\n#row-1685428236 > .col > .col-inner {\n  background-color: #b20000;\n}\n<\/style>\n<\/div>\n\n\t\t<\/div>\n\n\t\t\n<style>\n#section_669785819 {\n  padding-top: 120px;\n  padding-bottom: 120px;\n  background-color: rgb(0,0,0);\n}\n#section_669785819 .section-bg-overlay {\n  background-color: rgba(0, 0, 0, 0.517);\n}\n<\/style>\n\t<\/section>\n\t\n\n\t<section class=\"section dark\" id=\"section_157941268\">\n\t\t<div class=\"section-bg fill\" >\n\t\t\t\t\t\t\t\t\t\n\t\t\t\n\n\t\t<\/div>\n\n\t\t\n\n\t\t<div class=\"section-content relative\">\n\t\t\t\n\n<div class=\"row align-center\"  id=\"row-1714569656\">\n\n\n\t<div id=\"col-49960412\" class=\"col small-12 large-12\"  >\n\t\t\t\t<div class=\"col-inner\"  >\n\t\t\t\n\t\t\t\n\n<h2><span style=\"font-size:33px; line-height: 28px; font-weight: 200;\">RESTER AU COURANT<\/span><br \/> <span style=\"font-size:36px; line-height: 55px; font-weight: 700;\">NOUVELLES DE RECUP VW<\/span><\/h2>\n\n\t\t<\/div>\n\t\t\t\t\t<\/div>\n\n\t\n\n\t<div id=\"col-544333168\" class=\"col medium-6 small-12 large-6\"  >\n\t\t\t\t<div class=\"col-inner\"  >\n\t\t\t\n\t\t\t\n\n\n\n<div class=\"fb-page\" data-href=\"https:\/\/www.facebook.com\/pg\/Vw-Shop-273419696195443\" data-tabs=\"timeline\" data-width=\"800\" data-height=\"800\" data-small-header=\"false\" data-adapt-container-width=\"true\" data-hide-cover=\"false\" data-show-facepile=\"true\"><blockquote cite=\"https:\/\/www.facebook.com\/pg\/Vw-Shop-273419696195443\" class=\"fb-xfbml-parse-ignore\"><a href=\"https:\/\/www.facebook.com\/pg\/Vw-Shop-273419696195443\">Recup Vw Shop<\/a><\/blockquote><\/div>\n\n\n\t\t<\/div>\n\t\t\t\t\t<\/div>\n\n\t\n\n\t<div id=\"col-1007399131\" class=\"col medium-6 small-12 large-6\"  >\n\t\t\t\t<div class=\"col-inner\"  >\n\t\t\t\n\t\t\t\n\n\n\n<iframe loading=\"lazy\" style=\"border: 0;\" tabindex=\"0\" src=\"https:\/\/www.google.com\/maps\/embed?pb=!1m18!1m12!1m3!1d2516.0505218027024!2d4.415219215445926!3d50.90428127954056!2m3!1f0!2f0!3f0!3m2!1i1024!2i768!4f13.1!3m3!1m2!1s0x47c3c2cb351a96e3%3A0xf83ef91e1ae262fd!2sRecup%20Vw%20Audi%20Seat%20Skoda!5e0!3m2!1sfr!2sbe!4v1602187047434!5m2!1sfr!2sbe\" width=\"100%\" height=\"800px\" frameborder=\"0\" allowfullscreen=\"allowfullscreen\"><\/iframe>\n\n\n\t\t<\/div>\n\t\t\t\t\t<\/div>\n\n\t\n\n<\/div>\n\n\t\t<\/div>\n\n\t\t\n<style>\n#section_157941268 {\n  padding-top: 30px;\n  padding-bottom: 30px;\n  background-color: rgb(213, 213, 213);\n}\n<\/style>\n\t<\/section>\n\t\n\n","protected":false},"excerpt":{"rendered":"","protected":false},"author":4,"featured_media":0,"parent":0,"menu_order":0,"comment_status":"closed","ping_status":"closed","template":"","meta":{"footnotes":""},"class_list":["post-132","page","type-page","status-publish","hentry"],"yoast_head":"<!-- This site is optimized with the Yoast SEO plugin v27.5 - https:\/\/yoast.com\/product\/yoast-seo-wordpress\/ -->\n<title>Casse auto - d\u00e9molition - pi\u00e8ces d\u00e9tach\u00e9es \u00e0 Bruxelles<\/title>\n<meta name=\"description\" content=\"Casse auto - d\u00e9molition - pi\u00e8ces d\u00e9tach\u00e9es \u00e0 Bruxelles - Qualit\u00e9 garantie\" \/>\n<meta name=\"robots\" content=\"index, follow, max-snippet:-1, max-image-preview:large, max-video-preview:-1\" \/>\n<link rel=\"canonical\" href=\"https:\/\/www.recupvw.be\/fr\/casse-automobile\/\" \/>\n<meta property=\"og:locale\" content=\"fr_FR\" \/>\n<meta property=\"og:type\" content=\"article\" \/>\n<meta property=\"og:title\" content=\"Casse auto - d\u00e9molition - pi\u00e8ces d\u00e9tach\u00e9es \u00e0 Bruxelles\" \/>\n<meta property=\"og:description\" content=\"Casse auto - d\u00e9molition - pi\u00e8ces d\u00e9tach\u00e9es \u00e0 Bruxelles - Qualit\u00e9 garantie\" \/>\n<meta property=\"og:url\" content=\"https:\/\/www.recupvw.be\/fr\/casse-automobile\/\" \/>\n<meta property=\"og:site_name\" content=\"Recup VW - VW Shop : Pi\u00e8ces auto VW Audi Seat Skoda Bruxelles\" \/>\n<meta property=\"article:publisher\" content=\"https:\/\/www.facebook.com\/Recup-Vw-Shop-273419696195443\/\" \/>\n<meta property=\"article:modified_time\" content=\"2025-09-10T09:20:56+00:00\" \/>\n<meta property=\"og:image\" content=\"https:\/\/www.recupvw.be\/wp-content\/uploads\/2025\/04\/vwrecup2.jpg\" \/>\n\t<meta property=\"og:image:width\" content=\"1600\" \/>\n\t<meta property=\"og:image:height\" content=\"901\" \/>\n\t<meta property=\"og:image:type\" content=\"image\/jpeg\" \/>\n<meta name=\"twitter:card\" content=\"summary_large_image\" \/>\n<meta name=\"twitter:label1\" content=\"Dur\u00e9e de lecture estim\u00e9e\" \/>\n\t<meta name=\"twitter:data1\" content=\"7 minutes\" \/>\n<script type=\"application\/ld+json\" class=\"yoast-schema-graph\">{\"@context\":\"https:\\\/\\\/schema.org\",\"@graph\":[{\"@type\":\"WebPage\",\"@id\":\"https:\\\/\\\/www.recupvw.be\\\/fr\\\/casse-automobile\\\/\",\"url\":\"https:\\\/\\\/www.recupvw.be\\\/fr\\\/casse-automobile\\\/\",\"name\":\"Casse auto - d\u00e9molition - pi\u00e8ces d\u00e9tach\u00e9es \u00e0 Bruxelles\",\"isPartOf\":{\"@id\":\"https:\\\/\\\/www.recupvw.be\\\/fr\\\/#website\"},\"datePublished\":\"2022-05-25T20:04:22+00:00\",\"dateModified\":\"2025-09-10T09:20:56+00:00\",\"description\":\"Casse auto - d\u00e9molition - pi\u00e8ces d\u00e9tach\u00e9es \u00e0 Bruxelles - Qualit\u00e9 garantie\",\"breadcrumb\":{\"@id\":\"https:\\\/\\\/www.recupvw.be\\\/fr\\\/casse-automobile\\\/#breadcrumb\"},\"inLanguage\":\"fr-FR\",\"potentialAction\":[{\"@type\":\"ReadAction\",\"target\":[\"https:\\\/\\\/www.recupvw.be\\\/fr\\\/casse-automobile\\\/\"]}]},{\"@type\":\"BreadcrumbList\",\"@id\":\"https:\\\/\\\/www.recupvw.be\\\/fr\\\/casse-automobile\\\/#breadcrumb\",\"itemListElement\":[{\"@type\":\"ListItem\",\"position\":1,\"name\":\"Accueil\",\"item\":\"https:\\\/\\\/www.recupvw.be\\\/fr\\\/\"},{\"@type\":\"ListItem\",\"position\":2,\"name\":\"Casse auto &#8211; d\u00e9molition &#8211; pi\u00e8ces d\u00e9tach\u00e9es \u00e0 Bruxelles\"}]},{\"@type\":\"WebSite\",\"@id\":\"https:\\\/\\\/www.recupvw.be\\\/fr\\\/#website\",\"url\":\"https:\\\/\\\/www.recupvw.be\\\/fr\\\/\",\"name\":\"R\u00e9cup VW Shop : Pi\u00e8ces Auto d\u2019Occasion VW, Audi, Seat, Skoda \u00e0 Bruxelles\",\"description\":\"Pi\u00e8ces automobiles pour VW, Audi, Seat, Skoda - Stock \u00e0 Bruxelles\",\"publisher\":{\"@id\":\"https:\\\/\\\/www.recupvw.be\\\/fr\\\/#organization\"},\"alternateName\":\"R\u00e9cup VW SHOP\",\"potentialAction\":[{\"@type\":\"SearchAction\",\"target\":{\"@type\":\"EntryPoint\",\"urlTemplate\":\"https:\\\/\\\/www.recupvw.be\\\/fr\\\/?s={search_term_string}\"},\"query-input\":{\"@type\":\"PropertyValueSpecification\",\"valueRequired\":true,\"valueName\":\"search_term_string\"}}],\"inLanguage\":\"fr-FR\"},{\"@type\":\"Organization\",\"@id\":\"https:\\\/\\\/www.recupvw.be\\\/fr\\\/#organization\",\"name\":\"R\u00e9cup VW Shop\",\"url\":\"https:\\\/\\\/www.recupvw.be\\\/fr\\\/\",\"logo\":{\"@type\":\"ImageObject\",\"inLanguage\":\"fr-FR\",\"@id\":\"https:\\\/\\\/www.recupvw.be\\\/fr\\\/#\\\/schema\\\/logo\\\/image\\\/\",\"url\":\"https:\\\/\\\/www.recupvw.be\\\/wp-content\\\/uploads\\\/2025\\\/03\\\/cropped-recup-vw-shop-logo-1x1-1.png\",\"contentUrl\":\"https:\\\/\\\/www.recupvw.be\\\/wp-content\\\/uploads\\\/2025\\\/03\\\/cropped-recup-vw-shop-logo-1x1-1.png\",\"width\":512,\"height\":512,\"caption\":\"R\u00e9cup VW Shop\"},\"image\":{\"@id\":\"https:\\\/\\\/www.recupvw.be\\\/fr\\\/#\\\/schema\\\/logo\\\/image\\\/\"},\"sameAs\":[\"https:\\\/\\\/www.facebook.com\\\/Recup-Vw-Shop-273419696195443\\\/\",\"https:\\\/\\\/www.youtube.com\\\/watch?v=-n5yrRv29as\"]}]}<\/script>\n<!-- \/ Yoast SEO plugin. -->","yoast_head_json":{"title":"Casse auto - d\u00e9molition - pi\u00e8ces d\u00e9tach\u00e9es \u00e0 Bruxelles","description":"Casse auto - d\u00e9molition - pi\u00e8ces d\u00e9tach\u00e9es \u00e0 Bruxelles - Qualit\u00e9 garantie","robots":{"index":"index","follow":"follow","max-snippet":"max-snippet:-1","max-image-preview":"max-image-preview:large","max-video-preview":"max-video-preview:-1"},"canonical":"https:\/\/www.recupvw.be\/fr\/casse-automobile\/","og_locale":"fr_FR","og_type":"article","og_title":"Casse auto - d\u00e9molition - pi\u00e8ces d\u00e9tach\u00e9es \u00e0 Bruxelles","og_description":"Casse auto - d\u00e9molition - pi\u00e8ces d\u00e9tach\u00e9es \u00e0 Bruxelles - Qualit\u00e9 garantie","og_url":"https:\/\/www.recupvw.be\/fr\/casse-automobile\/","og_site_name":"Recup VW - VW Shop : Pi\u00e8ces auto VW Audi Seat Skoda Bruxelles","article_publisher":"https:\/\/www.facebook.com\/Recup-Vw-Shop-273419696195443\/","article_modified_time":"2025-09-10T09:20:56+00:00","og_image":[{"width":1600,"height":901,"url":"https:\/\/www.recupvw.be\/wp-content\/uploads\/2025\/04\/vwrecup2.jpg","type":"image\/jpeg"}],"twitter_card":"summary_large_image","twitter_misc":{"Dur\u00e9e de lecture estim\u00e9e":"7 minutes"},"schema":{"@context":"https:\/\/schema.org","@graph":[{"@type":"WebPage","@id":"https:\/\/www.recupvw.be\/fr\/casse-automobile\/","url":"https:\/\/www.recupvw.be\/fr\/casse-automobile\/","name":"Casse auto - d\u00e9molition - pi\u00e8ces d\u00e9tach\u00e9es \u00e0 Bruxelles","isPartOf":{"@id":"https:\/\/www.recupvw.be\/fr\/#website"},"datePublished":"2022-05-25T20:04:22+00:00","dateModified":"2025-09-10T09:20:56+00:00","description":"Casse auto - d\u00e9molition - pi\u00e8ces d\u00e9tach\u00e9es \u00e0 Bruxelles - Qualit\u00e9 garantie","breadcrumb":{"@id":"https:\/\/www.recupvw.be\/fr\/casse-automobile\/#breadcrumb"},"inLanguage":"fr-FR","potentialAction":[{"@type":"ReadAction","target":["https:\/\/www.recupvw.be\/fr\/casse-automobile\/"]}]},{"@type":"BreadcrumbList","@id":"https:\/\/www.recupvw.be\/fr\/casse-automobile\/#breadcrumb","itemListElement":[{"@type":"ListItem","position":1,"name":"Accueil","item":"https:\/\/www.recupvw.be\/fr\/"},{"@type":"ListItem","position":2,"name":"Casse auto &#8211; d\u00e9molition &#8211; pi\u00e8ces d\u00e9tach\u00e9es \u00e0 Bruxelles"}]},{"@type":"WebSite","@id":"https:\/\/www.recupvw.be\/fr\/#website","url":"https:\/\/www.recupvw.be\/fr\/","name":"R\u00e9cup VW Shop : Pi\u00e8ces Auto d\u2019Occasion VW, Audi, Seat, Skoda \u00e0 Bruxelles","description":"Pi\u00e8ces automobiles pour VW, Audi, Seat, Skoda - Stock \u00e0 Bruxelles","publisher":{"@id":"https:\/\/www.recupvw.be\/fr\/#organization"},"alternateName":"R\u00e9cup VW SHOP","potentialAction":[{"@type":"SearchAction","target":{"@type":"EntryPoint","urlTemplate":"https:\/\/www.recupvw.be\/fr\/?s={search_term_string}"},"query-input":{"@type":"PropertyValueSpecification","valueRequired":true,"valueName":"search_term_string"}}],"inLanguage":"fr-FR"},{"@type":"Organization","@id":"https:\/\/www.recupvw.be\/fr\/#organization","name":"R\u00e9cup VW Shop","url":"https:\/\/www.recupvw.be\/fr\/","logo":{"@type":"ImageObject","inLanguage":"fr-FR","@id":"https:\/\/www.recupvw.be\/fr\/#\/schema\/logo\/image\/","url":"https:\/\/www.recupvw.be\/wp-content\/uploads\/2025\/03\/cropped-recup-vw-shop-logo-1x1-1.png","contentUrl":"https:\/\/www.recupvw.be\/wp-content\/uploads\/2025\/03\/cropped-recup-vw-shop-logo-1x1-1.png","width":512,"height":512,"caption":"R\u00e9cup VW Shop"},"image":{"@id":"https:\/\/www.recupvw.be\/fr\/#\/schema\/logo\/image\/"},"sameAs":["https:\/\/www.facebook.com\/Recup-Vw-Shop-273419696195443\/","https:\/\/www.youtube.com\/watch?v=-n5yrRv29as"]}]}},"_links":{"self":[{"href":"https:\/\/www.recupvw.be\/fr\/wp-json\/wp\/v2\/pages\/132","targetHints":{"allow":["GET"]}}],"collection":[{"href":"https:\/\/www.recupvw.be\/fr\/wp-json\/wp\/v2\/pages"}],"about":[{"href":"https:\/\/www.recupvw.be\/fr\/wp-json\/wp\/v2\/types\/page"}],"author":[{"embeddable":true,"href":"https:\/\/www.recupvw.be\/fr\/wp-json\/wp\/v2\/users\/4"}],"replies":[{"embeddable":true,"href":"https:\/\/www.recupvw.be\/fr\/wp-json\/wp\/v2\/comments?post=132"}],"version-history":[{"count":0,"href":"https:\/\/www.recupvw.be\/fr\/wp-json\/wp\/v2\/pages\/132\/revisions"}],"wp:attachment":[{"href":"https:\/\/www.recupvw.be\/fr\/wp-json\/wp\/v2\/media?parent=132"}],"curies":[{"name":"wp","href":"https:\/\/api.w.org\/{rel}","templated":true}]}}